{"id":72454,"date":"2016-12-04T17:19:46","date_gmt":"2016-12-04T17:19:46","guid":{"rendered":"https:\/\/marbellainstyle.com\/services\/tours\/3-day-best-of-andalusia-private-tour\/"},"modified":"2018-04-23T11:32:17","modified_gmt":"2018-04-23T10:32:17","slug":"3-day-best-of-andalusia-private-tour","status":"publish","type":"portfolio","link":"https:\/\/marbellainstyle.com\/fr\/services\/tours\/3-day-best-of-andalusia-private-tour\/","title":{"rendered":"Tour priv\u00e9 de 3 jours en Andalousie"},"content":{"rendered":"<div class=\"wpb-content-wrapper\"><p>[vc_row unlock_row_content=\u00a0\u00bbyes\u00a0\u00bb row_height_percent=\u00a0\u00bb25&Prime; override_padding=\u00a0\u00bbyes\u00a0\u00bb h_padding=\u00a0\u00bb0&Prime; top_padding=\u00a0\u00bb0&Prime; bottom_padding=\u00a0\u00bb0&Prime; back_color=\u00a0\u00bbcolor-xsdn\u00a0\u00bb overlay_alpha=\u00a0\u00bb100&Prime; equal_height=\u00a0\u00bbyes\u00a0\u00bb gutter_size=\u00a0\u00bb0&Prime; shift_y=\u00a0\u00bb0&Prime; style=\u00a0\u00bbinherited\u00a0\u00bb][vc_column column_width_percent=\u00a0\u00bb100&Prime; position_horizontal=\u00a0\u00bbleft\u00a0\u00bb position_vertical=\u00a0\u00bbmiddle\u00a0\u00bb override_padding=\u00a0\u00bbyes\u00a0\u00bb column_padding=\u00a0\u00bb5&Prime; back_color=\u00a0\u00bbcolor-jevc\u00a0\u00bb overlay_alpha=\u00a0\u00bb100&Prime; gutter_size=\u00a0\u00bb2&Prime; medium_width=\u00a0\u00bb0&Prime; shift_x=\u00a0\u00bb0&Prime; shift_y=\u00a0\u00bb0&Prime; z_index=\u00a0\u00bb0&Prime; zoom_width=\u00a0\u00bb0&Prime; zoom_height=\u00a0\u00bb0&Prime; width=\u00a0\u00bb1\/2&Prime;][vc_custom_heading text_size=\u00a0\u00bbh3&Prime; text_space=\u00a0\u00bbfontspace-210350&Prime; text_weight=\u00a0\u00bb600&Prime; text_transform=\u00a0\u00bbuppercase\u00a0\u00bb text_color=\u00a0\u00bbcolor-xsdn\u00a0\u00bb sub_lead=\u00a0\u00bbyes\u00a0\u00bb]Itin\u00e9raire[\/vc_custom_heading][vc_separator sep_color=\u00a0\u00bbaccent\u00a0\u00bb][vc_column_text]<\/p>\n<ul>\n<li><strong>Jour 1 : Arriv\u00e9e \u00e0 Malaga. Visite de Marbella et Puerto Banus<\/strong><\/li>\n<li><strong>Jour 2 : Visite de Ronda et de ses vignobles et excursion \u00e0 pied \u00e0 S\u00e9ville<\/strong><\/li>\n<li><strong>Jour : La Cath\u00e9drale de S\u00e9ville, la Grande Mosqu\u00e9e de Cordoue<\/strong><\/li>\n<li><strong>Jour 4 : L&rsquo;Alhambra et les jardins du G\u00e9n\u00e9ralife.\u00a0<\/strong><strong>D\u00e9part<\/strong><\/li>\n<\/ul>\n<p>[\/vc_column_text][vc_empty_space empty_h=\u00a0\u00bb2&Prime;][vc_custom_heading text_size=\u00a0\u00bbh3&Prime; text_space=\u00a0\u00bbfontspace-210350&Prime; text_weight=\u00a0\u00bb600&Prime; text_transform=\u00a0\u00bbuppercase\u00a0\u00bb text_color=\u00a0\u00bbcolor-xsdn\u00a0\u00bb sub_lead=\u00a0\u00bbyes\u00a0\u00bb]Inclus[\/vc_custom_heading][vc_separator sep_color=\u00a0\u00bbaccent\u00a0\u00bb][vc_column_text]<\/p>\n<ul>\n<li><strong>Transport priv\u00e9 durant tout le tour<\/strong><\/li>\n<li><strong>Guide anglophone priv\u00e9<\/strong><\/li>\n<li><strong>Tour priv\u00e9 loin des attrapes touristes.\u00a0<\/strong><\/li>\n<li><strong>H\u00f4tel avec services priv\u00e9s personnalis\u00e9s\u00a0<\/strong><\/li>\n<\/ul>\n<p>[\/vc_column_text][\/vc_column][vc_column column_width_percent=\u00a0\u00bb100&Prime; position_horizontal=\u00a0\u00bbleft\u00a0\u00bb back_color=\u00a0\u00bbcolor-lxmt\u00a0\u00bb back_image=\u00a0\u00bb55225&Prime; overlay_alpha=\u00a0\u00bb100&Prime; gutter_size=\u00a0\u00bb3&Prime; medium_width=\u00a0\u00bb0&Prime; shift_x=\u00a0\u00bb0&Prime; shift_y=\u00a0\u00bb0&Prime; z_index=\u00a0\u00bb0&Prime; zoom_width=\u00a0\u00bb0&Prime; zoom_height=\u00a0\u00bb0&Prime; width=\u00a0\u00bb1\/2&Prime; mobile_height=\u00a0\u00bb260&Prime;][\/vc_column][\/vc_row][vc_row unlock_row_content=\u00a0\u00bbyes\u00a0\u00bb row_height_percent=\u00a0\u00bb25&Prime; override_padding=\u00a0\u00bbyes\u00a0\u00bb h_padding=\u00a0\u00bb0&Prime; top_padding=\u00a0\u00bb0&Prime; bottom_padding=\u00a0\u00bb0&Prime; back_color=\u00a0\u00bbcolor-xsdn\u00a0\u00bb overlay_alpha=\u00a0\u00bb100&Prime; equal_height=\u00a0\u00bbyes\u00a0\u00bb gutter_size=\u00a0\u00bb0&Prime; shift_y=\u00a0\u00bb0&Prime; style=\u00a0\u00bbinherited\u00a0\u00bb][vc_column column_width_percent=\u00a0\u00bb100&Prime; position_horizontal=\u00a0\u00bbleft\u00a0\u00bb back_color=\u00a0\u00bbcolor-lxmt\u00a0\u00bb back_image=\u00a0\u00bb55188&Prime; overlay_alpha=\u00a0\u00bb100&Prime; gutter_size=\u00a0\u00bb3&Prime; medium_visibility=\u00a0\u00bbyes\u00a0\u00bb medium_width=\u00a0\u00bb0&Prime; mobile_visibility=\u00a0\u00bbyes\u00a0\u00bb shift_x=\u00a0\u00bb0&Prime; shift_y=\u00a0\u00bb0&Prime; z_index=\u00a0\u00bb0&Prime; zoom_width=\u00a0\u00bb0&Prime; zoom_height=\u00a0\u00bb0&Prime; width=\u00a0\u00bb1\/2&Prime; mobile_height=\u00a0\u00bb350&Prime;][\/vc_column][vc_column column_width_percent=\u00a0\u00bb100&Prime; position_horizontal=\u00a0\u00bbleft\u00a0\u00bb position_vertical=\u00a0\u00bbmiddle\u00a0\u00bb override_padding=\u00a0\u00bbyes\u00a0\u00bb column_padding=\u00a0\u00bb5&Prime; back_color=\u00a0\u00bbcolor-xsdn\u00a0\u00bb overlay_alpha=\u00a0\u00bb100&Prime; gutter_size=\u00a0\u00bb2&Prime; medium_width=\u00a0\u00bb0&Prime; shift_x=\u00a0\u00bb0&Prime; shift_y=\u00a0\u00bb0&Prime; z_index=\u00a0\u00bb0&Prime; zoom_width=\u00a0\u00bb0&Prime; zoom_height=\u00a0\u00bb0&Prime; width=\u00a0\u00bb1\/2&Prime;][vc_custom_heading text_size=\u00a0\u00bbh3&Prime; text_space=\u00a0\u00bbfontspace-210350&Prime; text_weight=\u00a0\u00bb600&Prime; text_transform=\u00a0\u00bbuppercase\u00a0\u00bb sub_lead=\u00a0\u00bbyes\u00a0\u00bb sub_reduced=\u00a0\u00bbyes\u00a0\u00bb subheading=\u00a0\u00bbArriv\u00e9e \u00e0 Malaga, Marbella et Puerto Banus<\/p>\n<p>\u00ab\u00a0]Jour 1[\/vc_custom_heading][vc_separator sep_color=\u00a0\u00bbaccent\u00a0\u00bb][vc_column_text]\u00c0 votre arriv\u00e9e \u00e0 l\u2019a\u00e9roport ou \u00e0 la station de train de Malaga, vous serez accueilli par votre guide personnel qui vous emm\u00e8nera \u00e0 l&rsquo;h\u00f4tel. Ce tour commencera \u00e0 Malaga, la capital de la Costa del Sol. Il s\u2019agit de la deuxi\u00e8me ville la plus peupl\u00e9e d\u2019Andalousie et la cinqui\u00e8me plus grande ville d\u2019Espagne. L\u2019histoire de Malaga couvre une p\u00e9riode de 2800 ans, ce qui fait d\u2019elle la plus vieille ville d\u2019Europe.<\/p>\n<p>Durant l\u2019excursion \u00e0 pied de Malaga vous d\u00e9couvrirez les vestiges arch\u00e9ologiques et les monuments datant de l\u2019\u00e9poque ph\u00e9nicienne, romaine, arabe et chr\u00e9tienne qui convertissent le centre historique de la ville en un \u201cmus\u00e9e ouvert\u201d, jouissant d\u2019une histoire de plus de 3000 ans.<\/p>\n<p>L\u2019apr\u00e8s-midi vous visiterez Marbella et Puerto Banus qui sont, sans aucun doute, le centre touristique le plus important de la Costa del Sol. La partie historique de Marbella comprend des coins magnifiques o\u00f9 vous profiterez des saveurs typiquement andalouses, des jolies maisons blanches et des orangers qui caract\u00e9risent ses rues et ses places. Un endroit id\u00e9al pour d\u00e9guster les d\u00e9licieuses recettes de sa cuisine locale. Puerto Banus, un des principaux centre touristique de la ville avec son magnifique port de plaisance et ses magasins. Transport \u00e0 Malaga[\/vc_column_text][\/vc_column][\/vc_row][vc_row unlock_row_content=\u00a0\u00bbyes\u00a0\u00bb row_height_percent=\u00a0\u00bb25&Prime; override_padding=\u00a0\u00bbyes\u00a0\u00bb h_padding=\u00a0\u00bb0&Prime; top_padding=\u00a0\u00bb0&Prime; bottom_padding=\u00a0\u00bb0&Prime; back_color=\u00a0\u00bbcolor-xsdn\u00a0\u00bb overlay_alpha=\u00a0\u00bb100&Prime; equal_height=\u00a0\u00bbyes\u00a0\u00bb gutter_size=\u00a0\u00bb0&Prime; shift_y=\u00a0\u00bb0&Prime; style=\u00a0\u00bbinherited\u00a0\u00bb][vc_column column_width_percent=\u00a0\u00bb100&Prime; position_horizontal=\u00a0\u00bbleft\u00a0\u00bb position_vertical=\u00a0\u00bbmiddle\u00a0\u00bb override_padding=\u00a0\u00bbyes\u00a0\u00bb column_padding=\u00a0\u00bb5&Prime; back_color=\u00a0\u00bbcolor-jevc\u00a0\u00bb overlay_alpha=\u00a0\u00bb100&Prime; gutter_size=\u00a0\u00bb2&Prime; medium_width=\u00a0\u00bb0&Prime; shift_x=\u00a0\u00bb0&Prime; shift_y=\u00a0\u00bb0&Prime; z_index=\u00a0\u00bb0&Prime; zoom_width=\u00a0\u00bb0&Prime; zoom_height=\u00a0\u00bb0&Prime; width=\u00a0\u00bb1\/2&Prime;][vc_custom_heading text_size=\u00a0\u00bbh3&Prime; text_space=\u00a0\u00bbfontspace-210350&Prime; text_weight=\u00a0\u00bb600&Prime; text_transform=\u00a0\u00bbuppercase\u00a0\u00bb text_color=\u00a0\u00bbcolor-xsdn\u00a0\u00bb sub_lead=\u00a0\u00bbyes\u00a0\u00bb sub_reduced=\u00a0\u00bbyes\u00a0\u00bb subheading=\u00a0\u00bbVisite de Ronda et de ses vignobles, excursion \u00e0 pied de S\u00e9ville<\/p>\n<p>\u00ab\u00a0]Jour 2[\/vc_custom_heading][vc_separator sep_color=\u00a0\u00bbaccent\u00a0\u00bb][vc_column_text]Le matin, apr\u00e8s avoir dormi dans un confortable h\u00f4tel, vous voyagerons en direction de S\u00e9ville. Sur la route, nous nous arr\u00eaterons pour prendre un petit d\u00e9jeuner typiquement andalou et ensuite nous visiterons la vieille ville de Ronda et son impressionnant Pont neuf, ses gorges du Guadalvin, ses ar\u00e8nes de la Maestranza\u2026Pour que l\u2019exp\u00e9rience soit compl\u00e8te, vous visiterez un vignoble o\u00f9 vous d\u00e9couvrirez les vari\u00e9t\u00e9s de vins comme Cabernet Sauvignon, Syrah ou Merlot, et verrez comment ils sont cultiv\u00e9s.<br \/>\nEnsuite, vous d\u00e9gusterez leurs vins blancs et rouges, accompagn\u00e9s d\u2019un festin typiquement andalou, cuisin\u00e9 et servi par les propri\u00e9taires du vignoble.<br \/>\nApr\u00e8s cela, nous reprendrons la route jusqu\u2019\u00e0 S\u00e9ville. Sur le chemin, vous pourrez profiter de la typique \u201csiesta\u201d espagnole.<\/p>\n<p>\u00c0 votre arriv\u00e9e, vous visiterez \u00e0 pied le coeur du centre historique de la ville qui comprend la Place d\u2019Espagne (Plaza de Espa\u00f1a) qui a \u00e9t\u00e9 construite pour c\u00e9l\u00e9brer l\u2019exposition ib\u00e9ro-am\u00e9ricaine de 1929, le parc de Mar\u00eda Luisa et la Tour de l\u2019Or qui fut construite afin de contr\u00f4ler l\u2019acc\u00e8s \u00e0 la ville depuis le Guadalquivir. Ensuite, vous serez red\u00e9pos\u00e9 \u00e0 votre h\u00f4tel.[\/vc_column_text][\/vc_column][vc_column column_width_percent=\u00a0\u00bb100&Prime; position_horizontal=\u00a0\u00bbleft\u00a0\u00bb back_color=\u00a0\u00bbcolor-lxmt\u00a0\u00bb back_image=\u00a0\u00bb55143&Prime; overlay_alpha=\u00a0\u00bb100&Prime; gutter_size=\u00a0\u00bb3&Prime; medium_width=\u00a0\u00bb0&Prime; shift_x=\u00a0\u00bb0&Prime; shift_y=\u00a0\u00bb0&Prime; z_index=\u00a0\u00bb0&Prime; zoom_width=\u00a0\u00bb0&Prime; zoom_height=\u00a0\u00bb0&Prime; width=\u00a0\u00bb1\/2&Prime; mobile_height=\u00a0\u00bb260&Prime;][\/vc_column][\/vc_row][vc_row unlock_row_content=\u00a0\u00bbyes\u00a0\u00bb row_height_percent=\u00a0\u00bb25&Prime; override_padding=\u00a0\u00bbyes\u00a0\u00bb h_padding=\u00a0\u00bb0&Prime; top_padding=\u00a0\u00bb0&Prime; bottom_padding=\u00a0\u00bb0&Prime; back_color=\u00a0\u00bbcolor-xsdn\u00a0\u00bb overlay_alpha=\u00a0\u00bb100&Prime; equal_height=\u00a0\u00bbyes\u00a0\u00bb gutter_size=\u00a0\u00bb0&Prime; shift_y=\u00a0\u00bb0&Prime; style=\u00a0\u00bbinherited\u00a0\u00bb][vc_column column_width_percent=\u00a0\u00bb100&Prime; position_horizontal=\u00a0\u00bbleft\u00a0\u00bb back_color=\u00a0\u00bbcolor-lxmt\u00a0\u00bb back_image=\u00a0\u00bb55081&Prime; overlay_alpha=\u00a0\u00bb100&Prime; gutter_size=\u00a0\u00bb3&Prime; medium_visibility=\u00a0\u00bbyes\u00a0\u00bb medium_width=\u00a0\u00bb0&Prime; mobile_visibility=\u00a0\u00bbyes\u00a0\u00bb shift_x=\u00a0\u00bb0&Prime; shift_y=\u00a0\u00bb0&Prime; z_index=\u00a0\u00bb0&Prime; zoom_width=\u00a0\u00bb0&Prime; zoom_height=\u00a0\u00bb0&Prime; width=\u00a0\u00bb1\/2&Prime; mobile_height=\u00a0\u00bb260&Prime;][\/vc_column][vc_column column_width_percent=\u00a0\u00bb100&Prime; position_horizontal=\u00a0\u00bbleft\u00a0\u00bb position_vertical=\u00a0\u00bbmiddle\u00a0\u00bb override_padding=\u00a0\u00bbyes\u00a0\u00bb column_padding=\u00a0\u00bb5&Prime; back_color=\u00a0\u00bbcolor-xsdn\u00a0\u00bb overlay_alpha=\u00a0\u00bb100&Prime; gutter_size=\u00a0\u00bb2&Prime; medium_width=\u00a0\u00bb0&Prime; shift_x=\u00a0\u00bb0&Prime; shift_y=\u00a0\u00bb0&Prime; z_index=\u00a0\u00bb0&Prime; zoom_width=\u00a0\u00bb0&Prime; zoom_height=\u00a0\u00bb0&Prime; width=\u00a0\u00bb1\/2&Prime;][vc_custom_heading text_size=\u00a0\u00bbh3&Prime; text_space=\u00a0\u00bbfontspace-210350&Prime; text_weight=\u00a0\u00bb600&Prime; text_transform=\u00a0\u00bbuppercase\u00a0\u00bb sub_lead=\u00a0\u00bbyes\u00a0\u00bb sub_reduced=\u00a0\u00bbyes\u00a0\u00bb subheading=\u00a0\u00bbLa Cath\u00e9drale de S\u00e9ville, la Grande Mosqu\u00e9e de Cordoue<\/p>\n<p>\u00ab\u00a0]Jour 3[\/vc_custom_heading][vc_separator sep_color=\u00a0\u00bbaccent\u00a0\u00bb][vc_column_text]Le troisi\u00e8me jour vous profiterez pleinement de S\u00e9ville. Nous commencerons la journ\u00e9e par la visite de la Cath\u00e9drale, construite en style gothique et Renaissance qui est la troisi\u00e8me plus grande \u00e9glise du monde. Elle fut construite pour montrer la richesse de la ville et est devenue le plus grand centre de commerce d\u2019Espagne apr\u00e8s la Reconqu\u00eates en 1248. Nous monterons jusqu\u2019au sommet de la Giralda, le clocher de la cath\u00e9drale, depuis lequel vous pourrez profiter des meilleures vues de la ville.<\/p>\n<p>L\u2019apr\u00e8s -midi nous irons \u00e0 Cordoue qui, au 10e si\u00e8cle, \u00e9tait la ville la plus peupl\u00e9e d\u2019Europe. Elle n\u2019\u00e9tait pas seulement le centre intellectuel de l\u2019Europe mais aussi un exemple de paix o\u00f9 vivaient ensemble musulmans, chr\u00e9tiens et juifs. Ici, un autre Patrimoine mondial de l\u2019UNESCO vous attend : la Grande Mosqu\u00e9e de Cordoue, un h\u00e9ritage religieux de plus de 1400 ans d\u2019histoire. Cette construction comprend plus de 857 colonnes faites de jaspe, onyx, marbre et granite et a \u00e9t\u00e9 \u00e9difi\u00e9e \u00e0 partir de pi\u00e8ces r\u00e9cup\u00e9r\u00e9es du temple romain qui occupait les lieux auparavant et des restes appartenant \u00e0 d\u2019autres \u00e9difices romains qui ont \u00e9t\u00e9 \u00e9galement d\u00e9truits.<\/p>\n<p>Apr\u00e8s avoir visit\u00e9 la Mosqu\u00e9e, nous nous prom\u00e8nerons dans les rues du quartier juif, deuxi\u00e8me lieux le plus connu de Cordoue et Patrimoine mondial de L\u2019UNESCO depuis 1994. La Juderia de Cordoue fait partie du centre historique de Cordoue et est le t\u00e9moin de la paix qui r\u00e9gnait entre les musulmans, chr\u00e9tiens et juifs, un exemple de tol\u00e9rance et civilisation intelligente. Nous d\u00e9couvrirons la Synagogue (datant du XIVe si\u00e8cle) et une magnifique statue de bronze d\u00e9di\u00e9e \u00e0 Maimonides, le grand philosophe et m\u00e9decin juif qui a v\u00e9cu \u00e0 Cordoue.<\/p>\n<p>Apr\u00e8s cette journ\u00e9e v\u00e9cue dans une atmosph\u00e8re paisible, nous vous conduirons \u00e0 Grenade o\u00f9 vous serez log\u00e9s dans un h\u00f4tel.[\/vc_column_text][\/vc_column][\/vc_row][vc_row unlock_row_content=\u00a0\u00bbyes\u00a0\u00bb row_height_percent=\u00a0\u00bb25&Prime; override_padding=\u00a0\u00bbyes\u00a0\u00bb h_padding=\u00a0\u00bb0&Prime; top_padding=\u00a0\u00bb0&Prime; bottom_padding=\u00a0\u00bb0&Prime; back_color=\u00a0\u00bbcolor-xsdn\u00a0\u00bb overlay_alpha=\u00a0\u00bb100&Prime; equal_height=\u00a0\u00bbyes\u00a0\u00bb gutter_size=\u00a0\u00bb0&Prime; shift_y=\u00a0\u00bb0&Prime; style=\u00a0\u00bbinherited\u00a0\u00bb][vc_column column_width_percent=\u00a0\u00bb100&Prime; position_horizontal=\u00a0\u00bbleft\u00a0\u00bb position_vertical=\u00a0\u00bbmiddle\u00a0\u00bb override_padding=\u00a0\u00bbyes\u00a0\u00bb column_padding=\u00a0\u00bb5&Prime; back_color=\u00a0\u00bbcolor-jevc\u00a0\u00bb overlay_alpha=\u00a0\u00bb100&Prime; gutter_size=\u00a0\u00bb2&Prime; medium_width=\u00a0\u00bb0&Prime; shift_x=\u00a0\u00bb0&Prime; shift_y=\u00a0\u00bb0&Prime; z_index=\u00a0\u00bb0&Prime; zoom_width=\u00a0\u00bb0&Prime; zoom_height=\u00a0\u00bb0&Prime; width=\u00a0\u00bb1\/2&Prime;][vc_custom_heading text_size=\u00a0\u00bbh3&Prime; text_space=\u00a0\u00bbfontspace-210350&Prime; text_weight=\u00a0\u00bb600&Prime; text_transform=\u00a0\u00bbuppercase\u00a0\u00bb text_color=\u00a0\u00bbcolor-xsdn\u00a0\u00bb sub_lead=\u00a0\u00bbyes\u00a0\u00bb sub_reduced=\u00a0\u00bbyes\u00a0\u00bb subheading=\u00a0\u00bbL&rsquo;Alhambra et les jardins du G\u00e9n\u00e9ralife\u00a0\u00bb]Jour 4[\/vc_custom_heading][vc_separator sep_color=\u00a0\u00bbaccent\u00a0\u00bb][vc_column_text]Durant votre dernier jour, vous visiterez l\u2019impressionnante et incomparable Alhambra, le monument le plus visit\u00e9 d\u2019Espagne, et consid\u00e9r\u00e9 un joyau du patrimoine architectural arabe dans le monde. Les po\u00e8tes arabes l\u2019ont d\u00e9crit comme \u00e9tant \u201cune perle parmi les \u00e9meraudes\u201d, une allusion qui fait r\u00e9f\u00e9rence aux couleurs de ses \u00e9difices et des bois qui l\u2019entourent. Vous pourrez admirer l\u2019impressionnante architecture arabe des Palais Nasrides et d\u00e9couvrirez le luxueux mode de vie des sultans qui y v\u00e9curent. Durant une excursion guid\u00e9e de 2h50 de l\u2019Alhambra et des jardins du Generalife, vous visiterez l\u2019Alcazaba, les Palais Nasrides et le Palais de Charles V. Vous d\u00e9couvrirez les l\u00e9gendes et les histoires de ce lieux unique, Patrimoine de l\u2019UNESCO.<\/p>\n<p>Une fois la visite termin\u00e9e, nous vous conduirons \u00e0 Malaga, o\u00f9 finira ce merveilleux tour de l\u2019Andalousie.[\/vc_column_text][\/vc_column][vc_column column_width_percent=\u00a0\u00bb100&Prime; position_horizontal=\u00a0\u00bbleft\u00a0\u00bb back_color=\u00a0\u00bbcolor-lxmt\u00a0\u00bb back_image=\u00a0\u00bb54789&Prime; overlay_alpha=\u00a0\u00bb100&Prime; gutter_size=\u00a0\u00bb3&Prime; medium_width=\u00a0\u00bb0&Prime; shift_x=\u00a0\u00bb0&Prime; shift_y=\u00a0\u00bb0&Prime; z_index=\u00a0\u00bb0&Prime; zoom_width=\u00a0\u00bb0&Prime; zoom_height=\u00a0\u00bb0&Prime; width=\u00a0\u00bb1\/2&Prime; mobile_height=\u00a0\u00bb260&Prime;][\/vc_column][\/vc_row]<\/p>\n<\/div>","protected":false},"excerpt":{"rendered":"<p>This 3 night tour is the perfect way to discover all the beauty and unique character of Southern Spain by visiting Malaga, Seville, Cordoba and Granada.<\/p>\n","protected":false},"author":3,"featured_media":72458,"parent":71542,"menu_order":0,"comment_status":"closed","ping_status":"closed","template":"","meta":{"_glsr_average":0,"_glsr_ranking":0,"_glsr_reviews":0},"portfolio_category":[],"acf":[],"_links":{"self":[{"href":"https:\/\/marbellainstyle.com\/fr\/wp-json\/wp\/v2\/portfolio\/72454"}],"collection":[{"href":"https:\/\/marbellainstyle.com\/fr\/wp-json\/wp\/v2\/portfolio"}],"about":[{"href":"https:\/\/marbellainstyle.com\/fr\/wp-json\/wp\/v2\/types\/portfolio"}],"author":[{"embeddable":true,"href":"https:\/\/marbellainstyle.com\/fr\/wp-json\/wp\/v2\/users\/3"}],"replies":[{"embeddable":true,"href":"https:\/\/marbellainstyle.com\/fr\/wp-json\/wp\/v2\/comments?post=72454"}],"version-history":[{"count":9,"href":"https:\/\/marbellainstyle.com\/fr\/wp-json\/wp\/v2\/portfolio\/72454\/revisions"}],"predecessor-version":[{"id":72468,"href":"https:\/\/marbellainstyle.com\/fr\/wp-json\/wp\/v2\/portfolio\/72454\/revisions\/72468"}],"up":[{"embeddable":true,"href":"https:\/\/marbellainstyle.com\/fr\/wp-json\/wp\/v2\/portfolio\/71542"}],"wp:featuredmedia":[{"embeddable":true,"href":"https:\/\/marbellainstyle.com\/fr\/wp-json\/wp\/v2\/media\/72458"}],"wp:attachment":[{"href":"https:\/\/marbellainstyle.com\/fr\/wp-json\/wp\/v2\/media?parent=72454"}],"wp:term":[{"taxonomy":"portfolio_category","embeddable":true,"href":"https:\/\/marbellainstyle.com\/fr\/wp-json\/wp\/v2\/portfolio_category?post=72454"}],"curies":[{"name":"wp","href":"https:\/\/api.w.org\/{rel}","templated":true}]}}