{"id":72410,"date":"2016-12-11T22:12:25","date_gmt":"2016-12-11T22:12:25","guid":{"rendered":"https:\/\/marbellainstyle.com\/services\/tours\/tangier-private-tour\/"},"modified":"2023-02-02T10:40:59","modified_gmt":"2023-02-02T10:40:59","slug":"tangier-private-tour","status":"publish","type":"portfolio","link":"https:\/\/marbellainstyle.com\/fr\/services\/tours\/tangier-private-tour\/","title":{"rendered":"Tour priv\u00e9 \u00e0 Tanger"},"content":{"rendered":"<div class=\"wpb-content-wrapper\"><p>[vc_row row_height_percent=\u00a0\u00bb0&Prime; overlay_alpha=\u00a0\u00bb50&Prime; gutter_size=\u00a0\u00bb3&Prime; column_width_percent=\u00a0\u00bb100&Prime; shift_y=\u00a0\u00bb0&Prime; z_index=\u00a0\u00bb0&Prime;][vc_column width=\u00a0\u00bb1\/1&Prime;][vc_custom_heading auto_text=\u00a0\u00bbyes\u00a0\u00bb heading_semantic=\u00a0\u00bbh1&Prime; text_size=\u00a0\u00bbh1&Prime; assigned_to=\u00a0\u00bb\u00ab\u00a0post_id\u00ab\u00a0\u00a0\u00bb text=\u00a0\u00bb\u00ab\u00a0{num}\u00a0\u00bb]This is a custom heading element.[\/vc_custom_heading][vc_column_text css=\u00a0\u00bb.vc_custom_1579264777390{margin-top: 0px !important;}\u00a0\u00bb]<a href=\"#service-reviews\"><div class=\"glsr glsr-bootstrap\" id=\"glsr_dce40adf\" data-from='shortcode' data-shortcode='site_reviews_summary' data-assigned_posts='72410' data-hide='[&quot;bars&quot;]'><div class=\"glsr-summary-wrap glsr-ms\">\n    <div class=\"glsr-summary\" id=\"\">\n      <div class=\"glsr-summary-stars\"><div class=\"glsr-star-rating glsr-stars\" data-rating=\"0,0\" data-reviews=\"0\">\n    <span class=\"screen-reader-text\">Rated 0,0 out of 5<\/span>\n    <span class=\"glsr-star glsr-star-empty\" aria-hidden=\"true\"><\/span><span class=\"glsr-star glsr-star-empty\" aria-hidden=\"true\"><\/span><span class=\"glsr-star glsr-star-empty\" aria-hidden=\"true\"><\/span><span class=\"glsr-star glsr-star-empty\" aria-hidden=\"true\"><\/span><span class=\"glsr-star glsr-star-empty\" aria-hidden=\"true\"><\/span>\n<\/div><\/div> <div class=\"glsr-summary-text\"><span class=\"glsr-tag-value\">0 reviews<\/span><\/div>\n        \n    <\/div>\n<\/div><\/div><\/a>[\/vc_column_text][vc_gallery el_id=\u00a0\u00bbgallery-567040&Prime; type=\u00a0\u00bbcarousel\u00a0\u00bb medias=\u00a0\u00bb55166,91246,55162,55163,55165,55164,55168,91256,91261&Prime; carousel_lg=\u00a0\u00bb3&Prime; carousel_md=\u00a0\u00bb2&Prime; carousel_sm=\u00a0\u00bb1&Prime; thumb_size=\u00a0\u00bbtwo-one\u00a0\u00bb gutter_size=\u00a0\u00bb0&Prime; carousel_height=\u00a0\u00bbequal\u00a0\u00bb carousel_type=\u00a0\u00bbfade\u00a0\u00bb carousel_interval=\u00a0\u00bb0&Prime; carousel_navspeed=\u00a0\u00bb400&Prime; carousel_nav=\u00a0\u00bbyes\u00a0\u00bb carousel_dots=\u00a0\u00bbyes\u00a0\u00bb carousel_dots_mobile=\u00a0\u00bbyes\u00a0\u00bb carousel_dots_inside=\u00a0\u00bbyes\u00a0\u00bb stage_padding=\u00a0\u00bb0&Prime; single_overlay_opacity=\u00a0\u00bb50&Prime; single_padding=\u00a0\u00bb2&Prime;][vc_column_text]Discover Africa with our private guided tour of Tangier. Enjoy the local food and culture with this unforgettable tour.[\/vc_column_text][\/vc_column][\/vc_row][vc_row row_height_percent=\u00a0\u00bb0&Prime; overlay_alpha=\u00a0\u00bb50&Prime; gutter_size=\u00a0\u00bb3&Prime; column_width_percent=\u00a0\u00bb100&Prime; shift_y=\u00a0\u00bb0&Prime; z_index=\u00a0\u00bb0&Prime;][vc_column width=\u00a0\u00bb1\/2&Prime;][vc_custom_heading heading_semantic=\u00a0\u00bbh3&Prime; text_size=\u00a0\u00bbh3&Prime;]About this tour[\/vc_custom_heading][vc_icon position=\u00a0\u00bbleft\u00a0\u00bb icon=\u00a0\u00bbfa fa-history2&Prime; heading_semantic=\u00a0\u00bbp\u00a0\u00bb text_size=\u00a0\u00bbh5&Prime; title=\u00a0\u00bbDuration 12 hours\u00a0\u00bb]<\/p>\n<div class=\"uncode-wrapper uncode-list\">\n<div class=\"time\">Starting time 8:00 AM<\/div>\n<\/div>\n<p>[\/vc_icon][vc_icon position=\u00a0\u00bbleft\u00a0\u00bb icon=\u00a0\u00bbfa fa-lock\u00a0\u00bb heading_semantic=\u00a0\u00bbp\u00a0\u00bb text_size=\u00a0\u00bbh5&Prime; title=\u00a0\u00bbPrivate tour\u00a0\u00bb][\/vc_icon][vc_icon position=\u00a0\u00bbleft\u00a0\u00bb icon=\u00a0\u00bbfa fa-flash\u00a0\u00bb heading_semantic=\u00a0\u00bbp\u00a0\u00bb text_size=\u00a0\u00bbh5&Prime; title=\u00a0\u00bbInstant confirmation\u00a0\u00bb][\/vc_icon][vc_icon position=\u00a0\u00bbleft\u00a0\u00bb icon=\u00a0\u00bbfa fa-chat\u00a0\u00bb heading_semantic=\u00a0\u00bbp\u00a0\u00bb text_size=\u00a0\u00bbh5&Prime; title=\u00a0\u00bbLive tour guide\u00a0\u00bb]Spanish, English, French, Arab, Russian[\/vc_icon][vc_icon position=\u00a0\u00bbleft\u00a0\u00bb icon=\u00a0\u00bbfa fa-credit-card\u00a0\u00bb icon_color=\u00a0\u00bbcolor-878846&Prime; heading_semantic=\u00a0\u00bbdiv\u00a0\u00bb text_size=\u00a0\u00bbh5&Prime;]<a id=\"book-calendar\"><\/a><strong><span style=\"color: #339966;\">Free cancellation up to 24 hours before activity starts<\/span><\/strong>[\/vc_icon][vc_column_text]Carrefour entre l\u2019Europe et l\u2019Afrique, l\u2019Atlantique et la M\u00e9diterran\u00e9e, Tanger est une porte ouverte sur le Maroc. Profitez d\u2019un tour exceptionnel \u00e0 Tanger.<\/p>\n<p>Il existe encore une touche de myst\u00e8re dans la ville qui date de l\u2019\u00e9poque o\u00f9 Tanger \u00e9tait une zone internationale. Depuis sa fondation, Carthaginois, Romains, Arabes, Espagnols, Portugais et Anglais ont combattu pour en avoir le contr\u00f4le.<br \/>\nCe tour de Tanger depuis Marbella vous fera d\u00e9couvrir cette ville exotique, situ\u00e9e dans la r\u00e9gion du Nord-Ouest du Maroc, sa culture et son histoire.<br \/>\nAucune autre ville africaine est si proche de l\u2019Europe et aucune autre ville est si appr\u00e9ci\u00e9e par les artistes europ\u00e9ens et am\u00e9ricains : Delacroix, Matisse, Tennesse Williams, Joseph Kessel, Williams Burroughs et Paul Bowles, pour ne citer que quelques noms, ont tous v\u00e9cus \u00e0 Tanger et ont \u00e9t\u00e9 captiv\u00e9s par son charme.<\/p>\n<p>\u00c0 votre arriv\u00e9e depuis l\u2019Espagne, apr\u00e8s avoir travers\u00e9 le d\u00e9troit de Gibraltar (environ une heure), notre guide vous attendra sur le quai \u00e0 Tanger. Ce tour \u00e0 Tanger d\u2019une journ\u00e9e, depuis Marbella est constitu\u00e9 de deux parties, comme se pr\u00e9sente la ville elle-m\u00eame.<\/p>\n<p>Vous serez emmen\u00e9 (dans un taxi Mercedes neuf) jusqu\u2019\u00e0 la partie moderne de Tanger et, ensuite, jusqu\u2019au Nord-Ouest du continent africain.<\/p>\n<p>Pas loin de ce site extraordinaire, se trouvent les grottes d\u2019Hercules qui vous plongeront dans le pass\u00e9, \u00e0 l\u2019endroit m\u00eame o\u00f9 se sont \u00e9tablis les premiers habitants de Tanger.<\/p>\n<p>Le Kasbah vous emm\u00e8nera dans un Tanger diff\u00e9rent : la M\u00e9dina, avec ses maisons blanches et ses rues \u00e9troites. Vous serez peu \u00e0 peu conduits vers le quartier Kasbah et le palais du sultan.<\/p>\n<p>Vous d\u00e9jeunerez dans un restaurant local o\u00f9 vous pourrez profiter d\u2019une cuisine traditionnelle arabe.<\/p>\n<p>La M\u00e9dina est une bonne opportunit\u00e9 pour faire du shopping : cuir, argent, bijoux berb\u00e8res et tapis faits \u00e0 main; il s\u2019agit des produits les plus attractifs du pays.<\/p>\n<p>Une fois votre tour priv\u00e9 \u00e0 Tanger termin\u00e9, vous serez reconduits au ferry.[\/vc_column_text][\/vc_column][vc_column width=\u00a0\u00bb1\/2&Prime;][vc_row_inner row_inner_height_percent=\u00a0\u00bb0&Prime; back_color=\u00a0\u00bbcolor-jevc\u00a0\u00bb overlay_alpha=\u00a0\u00bb50&Prime; gutter_size=\u00a0\u00bb3&Prime; shift_y=\u00a0\u00bb0&Prime; z_index=\u00a0\u00bb0&Prime;][vc_column_inner column_width_percent=\u00a0\u00bb100&Prime; gutter_size=\u00a0\u00bb3&Prime; overlay_alpha=\u00a0\u00bb50&Prime; medium_width=\u00a0\u00bb0&Prime; mobile_width=\u00a0\u00bb0&Prime; shift_x=\u00a0\u00bb0&Prime; shift_y=\u00a0\u00bb0&Prime; shift_y_down=\u00a0\u00bb0&Prime; z_index=\u00a0\u00bb0&Prime; width=\u00a0\u00bb1\/1&Prime; css=\u00a0\u00bb.vc_custom_1579084689725{padding-top: 14px !important;padding-right: 14px !important;padding-bottom: 14px !important;padding-left: 14px !important;}\u00a0\u00bb][vc_raw_js]JTVCZmFyZWhhcmJvciUyMHNob3J0bmFtZSUzRCUyMm1hcmJlbGxhLWluLXN0eWxlJTIyJTIwaXRlbXMlM0QlMjI0MzQ5NzUlMjIlNUQ=[\/vc_raw_js][\/vc_column_inner][\/vc_row_inner][\/vc_column][\/vc_row][vc_row unlock_row_content=\u00a0\u00bbyes\u00a0\u00bb row_height_percent=\u00a0\u00bb25&Prime; override_padding=\u00a0\u00bbyes\u00a0\u00bb h_padding=\u00a0\u00bb0&Prime; top_padding=\u00a0\u00bb0&Prime; bottom_padding=\u00a0\u00bb0&Prime; back_color=\u00a0\u00bbcolor-xsdn\u00a0\u00bb overlay_alpha=\u00a0\u00bb100&Prime; equal_height=\u00a0\u00bbyes\u00a0\u00bb gutter_size=\u00a0\u00bb0&Prime; shift_y=\u00a0\u00bb0&Prime; style=\u00a0\u00bbinherited\u00a0\u00bb][vc_column column_width_percent=\u00a0\u00bb100&Prime; position_horizontal=\u00a0\u00bbleft\u00a0\u00bb position_vertical=\u00a0\u00bbmiddle\u00a0\u00bb override_padding=\u00a0\u00bbyes\u00a0\u00bb column_padding=\u00a0\u00bb5&Prime; back_color=\u00a0\u00bbcolor-jevc\u00a0\u00bb overlay_alpha=\u00a0\u00bb100&Prime; gutter_size=\u00a0\u00bb2&Prime; medium_width=\u00a0\u00bb0&Prime; shift_x=\u00a0\u00bb0&Prime; shift_y=\u00a0\u00bb0&Prime; z_index=\u00a0\u00bb0&Prime; zoom_width=\u00a0\u00bb0&Prime; zoom_height=\u00a0\u00bb0&Prime; width=\u00a0\u00bb1\/2&Prime;][vc_custom_heading heading_semantic=\u00a0\u00bbh3&Prime; text_size=\u00a0\u00bbh3&Prime; text_space=\u00a0\u00bbfontspace-210350&Prime; text_weight=\u00a0\u00bb600&Prime; text_transform=\u00a0\u00bbuppercase\u00a0\u00bb text_color=\u00a0\u00bbcolor-xsdn\u00a0\u00bb sub_lead=\u00a0\u00bbyes\u00a0\u00bb]Itin\u00e9raire[\/vc_custom_heading][vc_separator sep_color=\u00a0\u00bbaccent\u00a0\u00bb][vc_column_text]<\/p>\n<ul>\n<li><strong>08:00 D\u00e9part<\/strong><br \/>\nTransport priv\u00e9 de luxe avec minivan (6 pers.), minibus (22 pers.) ou bus (max 54 pers.), chauffeur et guide anglophone<\/li>\n<li><strong>09:00 Ferry<\/strong><br \/>\nVous prendrez le ferry \u00e0 Tarifa jusqu\u2019\u00e0 Tanger (une heure environ), escort\u00e9 par votre guide<\/li>\n<li><strong>10:30 Excursion \u00e0 pied et en voiture<\/strong><br \/>\nVisite guid\u00e9e en voiture par notre guide local depuis Tanger jusqu\u2019au Nord-Ouest du continent africain. Visitez les Grottes d\u2019Hercules, savourez un bon th\u00e9 marocain en profitant de la vue sur l\u2019Atlantique depuis la terrasse d\u2019un h\u00f4tel 5 \u00e9toiles et montez sur un chameau qui vous emm\u00e8nera de retour \u00e0 la ville. Le Kasbah de Tanger vous plongera dans un autre Tanger, avec ses maisons blanches, ses petites rues \u00e9troites&#8230;<\/li>\n<li><strong>13:30 D\u00e9jeuner<\/strong><br \/>\nD\u00e9gustez un festin marocain dans un des restaurants typiques que nous recommandons, loin des attrapes touristes.<\/li>\n<li><strong>15:00 Visite du Bazaar<\/strong><br \/>\nLa M\u00e9dina vous offre une excellente opportunit\u00e9 pour faire du shopping: le cuir, l\u2019argent natif, les bijoux berb\u00e8res, les tapis faits \u00e0 main&#8230;Il s\u2019agit des produits les plus attractifs du pays.<\/li>\n<li><strong>17:00 Ferry<\/strong><br \/>\nRetour jusqu\u2019\u00e0 Tarifa avec le ferry<\/li>\n<li><strong>20:00 Retour<\/strong><br \/>\nNotre chauffeur priv\u00e9 vous red\u00e9posera \u00e0 votre h\u00f4tel ou r\u00e9sidence.<\/li>\n<\/ul>\n<p>[\/vc_column_text][\/vc_column][vc_column column_width_percent=\u00a0\u00bb100&Prime; position_horizontal=\u00a0\u00bbleft\u00a0\u00bb back_color=\u00a0\u00bbcolor-lxmt\u00a0\u00bb back_image=\u00a0\u00bb55164&Prime; overlay_alpha=\u00a0\u00bb100&Prime; gutter_size=\u00a0\u00bb3&Prime; medium_width=\u00a0\u00bb0&Prime; shift_x=\u00a0\u00bb0&Prime; shift_y=\u00a0\u00bb0&Prime; z_index=\u00a0\u00bb0&Prime; zoom_width=\u00a0\u00bb0&Prime; zoom_height=\u00a0\u00bb0&Prime; width=\u00a0\u00bb1\/2&Prime; mobile_height=\u00a0\u00bb350&Prime;][\/vc_column][\/vc_row][vc_row unlock_row_content=\u00a0\u00bbyes\u00a0\u00bb row_height_percent=\u00a0\u00bb25&Prime; override_padding=\u00a0\u00bbyes\u00a0\u00bb h_padding=\u00a0\u00bb0&Prime; top_padding=\u00a0\u00bb0&Prime; bottom_padding=\u00a0\u00bb0&Prime; back_color=\u00a0\u00bbcolor-xsdn\u00a0\u00bb overlay_alpha=\u00a0\u00bb100&Prime; equal_height=\u00a0\u00bbyes\u00a0\u00bb gutter_size=\u00a0\u00bb0&Prime; shift_y=\u00a0\u00bb0&Prime; style=\u00a0\u00bbinherited\u00a0\u00bb][vc_column column_width_percent=\u00a0\u00bb100&Prime; position_horizontal=\u00a0\u00bbleft\u00a0\u00bb back_color=\u00a0\u00bbcolor-lxmt\u00a0\u00bb back_image=\u00a0\u00bb55163&Prime; overlay_alpha=\u00a0\u00bb100&Prime; gutter_size=\u00a0\u00bb3&Prime; medium_visibility=\u00a0\u00bbyes\u00a0\u00bb medium_width=\u00a0\u00bb0&Prime; mobile_visibility=\u00a0\u00bbyes\u00a0\u00bb shift_x=\u00a0\u00bb0&Prime; shift_y=\u00a0\u00bb0&Prime; z_index=\u00a0\u00bb0&Prime; zoom_width=\u00a0\u00bb0&Prime; zoom_height=\u00a0\u00bb0&Prime; width=\u00a0\u00bb1\/2&Prime; mobile_height=\u00a0\u00bb260&Prime;][\/vc_column][vc_column column_width_percent=\u00a0\u00bb100&Prime; position_horizontal=\u00a0\u00bbleft\u00a0\u00bb position_vertical=\u00a0\u00bbmiddle\u00a0\u00bb override_padding=\u00a0\u00bbyes\u00a0\u00bb column_padding=\u00a0\u00bb5&Prime; back_color=\u00a0\u00bbcolor-xsdn\u00a0\u00bb overlay_alpha=\u00a0\u00bb100&Prime; gutter_size=\u00a0\u00bb2&Prime; medium_width=\u00a0\u00bb0&Prime; shift_x=\u00a0\u00bb0&Prime; shift_y=\u00a0\u00bb0&Prime; z_index=\u00a0\u00bb0&Prime; zoom_width=\u00a0\u00bb0&Prime; zoom_height=\u00a0\u00bb0&Prime; width=\u00a0\u00bb1\/2&Prime;][vc_custom_heading heading_semantic=\u00a0\u00bbh3&Prime; text_size=\u00a0\u00bbh3&Prime; text_space=\u00a0\u00bbfontspace-210350&Prime; text_weight=\u00a0\u00bb600&Prime; text_transform=\u00a0\u00bbuppercase\u00a0\u00bb sub_lead=\u00a0\u00bbyes\u00a0\u00bb]Inclus[\/vc_custom_heading][vc_separator sep_color=\u00a0\u00bbaccent\u00a0\u00bb][vc_column_text]<\/p>\n<ul>\n<li>Transport priv\u00e9<\/li>\n<li>Chauffeur priv\u00e9 avec minivan, minibus ou bus<\/li>\n<li>Billets pour le ferry<\/li>\n<li>Guide priv\u00e9 anglophone<\/li>\n<li>Guide local priv\u00e9 \u00e0 Tanger<\/li>\n<\/ul>\n<p>[\/vc_column_text][vc_empty_space empty_h=\u00a0\u00bb2&Prime;][vc_custom_heading heading_semantic=\u00a0\u00bbh3&Prime; text_size=\u00a0\u00bbh3&Prime; text_space=\u00a0\u00bbfontspace-210350&Prime; text_weight=\u00a0\u00bb600&Prime; text_transform=\u00a0\u00bbuppercase\u00a0\u00bb sub_lead=\u00a0\u00bbyes\u00a0\u00bb]Non inclus[\/vc_custom_heading][vc_separator sep_color=\u00a0\u00bbaccent\u00a0\u00bb][vc_column_text]<\/p>\n<ul>\n<li>Promenade en chameau (+5 \u20ac\u00a0par pers.)<\/li>\n<li>Nourriture et boissons<\/li>\n<li>Pourboires<\/li>\n<\/ul>\n<p>[\/vc_column_text][\/vc_column][\/vc_row]<\/p>\n<\/div>","protected":false},"excerpt":{"rendered":"<p>Discover a Africa with our private guided tour of Tangier. Enjoy the local food and culture with this unforgettable tour.<\/p>\n","protected":false},"author":3,"featured_media":72414,"parent":71542,"menu_order":50,"comment_status":"closed","ping_status":"closed","template":"","meta":{"_glsr_average":0,"_glsr_ranking":0,"_glsr_reviews":0},"portfolio_category":[322],"acf":[],"_links":{"self":[{"href":"https:\/\/marbellainstyle.com\/fr\/wp-json\/wp\/v2\/portfolio\/72410"}],"collection":[{"href":"https:\/\/marbellainstyle.com\/fr\/wp-json\/wp\/v2\/portfolio"}],"about":[{"href":"https:\/\/marbellainstyle.com\/fr\/wp-json\/wp\/v2\/types\/portfolio"}],"author":[{"embeddable":true,"href":"https:\/\/marbellainstyle.com\/fr\/wp-json\/wp\/v2\/users\/3"}],"replies":[{"embeddable":true,"href":"https:\/\/marbellainstyle.com\/fr\/wp-json\/wp\/v2\/comments?post=72410"}],"version-history":[{"count":7,"href":"https:\/\/marbellainstyle.com\/fr\/wp-json\/wp\/v2\/portfolio\/72410\/revisions"}],"predecessor-version":[{"id":114628,"href":"https:\/\/marbellainstyle.com\/fr\/wp-json\/wp\/v2\/portfolio\/72410\/revisions\/114628"}],"up":[{"embeddable":true,"href":"https:\/\/marbellainstyle.com\/fr\/wp-json\/wp\/v2\/portfolio\/71542"}],"wp:featuredmedia":[{"embeddable":true,"href":"https:\/\/marbellainstyle.com\/fr\/wp-json\/wp\/v2\/media\/72414"}],"wp:attachment":[{"href":"https:\/\/marbellainstyle.com\/fr\/wp-json\/wp\/v2\/media?parent=72410"}],"wp:term":[{"taxonomy":"portfolio_category","embeddable":true,"href":"https:\/\/marbellainstyle.com\/fr\/wp-json\/wp\/v2\/portfolio_category?post=72410"}],"curies":[{"name":"wp","href":"https:\/\/api.w.org\/{rel}","templated":true}]}}