{"id":72015,"date":"2017-01-09T20:00:35","date_gmt":"2017-01-09T20:00:35","guid":{"rendered":"https:\/\/marbellainstyle.com\/services\/lifestyle\/concierge-marbella\/"},"modified":"2019-12-19T07:27:59","modified_gmt":"2019-12-19T07:27:59","slug":"concierge-marbella","status":"publish","type":"portfolio","link":"https:\/\/marbellainstyle.com\/fr\/services\/lifestyle\/concierge-marbella\/","title":{"rendered":"Service de conciergerie \u00e0 Marbella"},"content":{"rendered":"<div class=\"wpb-content-wrapper\"><p>[vc_row unlock_row_content=\u00a0\u00bbyes\u00a0\u00bb row_height_percent=\u00a0\u00bb25&Prime; override_padding=\u00a0\u00bbyes\u00a0\u00bb h_padding=\u00a0\u00bb0&Prime; top_padding=\u00a0\u00bb0&Prime; bottom_padding=\u00a0\u00bb0&Prime; back_color=\u00a0\u00bbcolor-xsdn\u00a0\u00bb overlay_alpha=\u00a0\u00bb100&Prime; equal_height=\u00a0\u00bbyes\u00a0\u00bb gutter_size=\u00a0\u00bb0&Prime; shift_y=\u00a0\u00bb0&Prime; style=\u00a0\u00bbinherited\u00a0\u00bb row_height_pixel=\u00a0\u00bb500&Prime;][vc_column column_width_percent=\u00a0\u00bb100&Prime; position_horizontal=\u00a0\u00bbleft\u00a0\u00bb position_vertical=\u00a0\u00bbmiddle\u00a0\u00bb override_padding=\u00a0\u00bbyes\u00a0\u00bb column_padding=\u00a0\u00bb5&Prime; back_color=\u00a0\u00bbcolor-jevc\u00a0\u00bb overlay_alpha=\u00a0\u00bb100&Prime; gutter_size=\u00a0\u00bb2&Prime; medium_width=\u00a0\u00bb0&Prime; shift_x=\u00a0\u00bb0&Prime; shift_y=\u00a0\u00bb0&Prime; z_index=\u00a0\u00bb0&Prime; zoom_width=\u00a0\u00bb0&Prime; zoom_height=\u00a0\u00bb0&Prime; width=\u00a0\u00bb1\/2&Prime;][vc_custom_heading heading_semantic=\u00a0\u00bbh3&Prime; text_size=\u00a0\u00bbh3&Prime; text_space=\u00a0\u00bbfontspace-210350&Prime; text_weight=\u00a0\u00bb600&Prime; text_transform=\u00a0\u00bbuppercase\u00a0\u00bb text_color=\u00a0\u00bbcolor-xsdn\u00a0\u00bb sub_lead=\u00a0\u00bbyes\u00a0\u00bb]Cadeaux personnels[\/vc_custom_heading][vc_separator sep_color=\u00a0\u00bbaccent\u00a0\u00bb][vc_column_text]Marbella in Style met \u00e0 votre disposition un service d\u2019achat de cadeaux gr\u00e2ce auquel un personal shopper professionnel vous aidera \u00e0 trouver le cadeau parfait qu\u2019il livrera ensuite personnellement au destinataire.<\/p>\n<p>Donnez-nous une liste d&rsquo;articles bien d\u00e9finis ou simplement quelques d\u00e9tails concernant le destinataire et laissez votre personal shopper mettre sa cr\u00e9ativit\u00e9 au travail. Nous pouvons nous occuper de tout, depuis le choix d\u2019un simple cadeau jusqu\u2019aux achats des cadeaux de No\u00ebl ! Notre personal shopper choisira des cadeaux uniques et cr\u00e9atifs.<\/p>\n<p>Cela ne vous d\u00e9range pas de faire du shopping mais vous n\u2019avez pas d\u2019id\u00e9es de cadeaux originales ? Laissez-nous chercher pour vous et nous vous cr\u00e9erons une liste de cadeaux.<\/p>\n<p>Votre personal shopper \u00e0 Marbella vous donnera des id\u00e9es de cadeaux d\u2019anniversaire cr\u00e9atives ou des suggestions de cadeaux pour chaques f\u00eates, toujours bas\u00e9es sur l&rsquo;information re\u00e7ue concernant votre destinataire telle que son \u00e2ge, ses go\u00fbts, son travail, ses centres d&rsquo;int\u00e9r\u00eats et ses loisirs.[\/vc_column_text][\/vc_column][vc_column column_width_percent=\u00a0\u00bb100&Prime; position_horizontal=\u00a0\u00bbleft\u00a0\u00bb back_color=\u00a0\u00bbcolor-lxmt\u00a0\u00bb back_image=\u00a0\u00bb61393&Prime; overlay_alpha=\u00a0\u00bb100&Prime; gutter_size=\u00a0\u00bb3&Prime; medium_width=\u00a0\u00bb0&Prime; shift_x=\u00a0\u00bb0&Prime; shift_y=\u00a0\u00bb0&Prime; z_index=\u00a0\u00bb0&Prime; zoom_width=\u00a0\u00bb0&Prime; zoom_height=\u00a0\u00bb0&Prime; width=\u00a0\u00bb1\/2&Prime; mobile_height=\u00a0\u00bb350&Prime;][\/vc_column][\/vc_row][vc_row unlock_row_content=\u00a0\u00bbyes\u00a0\u00bb row_height_percent=\u00a0\u00bb25&Prime; override_padding=\u00a0\u00bbyes\u00a0\u00bb h_padding=\u00a0\u00bb0&Prime; top_padding=\u00a0\u00bb0&Prime; bottom_padding=\u00a0\u00bb0&Prime; back_color=\u00a0\u00bbcolor-xsdn\u00a0\u00bb overlay_alpha=\u00a0\u00bb100&Prime; equal_height=\u00a0\u00bbyes\u00a0\u00bb gutter_size=\u00a0\u00bb0&Prime; shift_y=\u00a0\u00bb0&Prime; style=\u00a0\u00bbinherited\u00a0\u00bb row_height_pixel=\u00a0\u00bb500&Prime;][vc_column column_width_percent=\u00a0\u00bb100&Prime; position_horizontal=\u00a0\u00bbleft\u00a0\u00bb back_color=\u00a0\u00bbcolor-lxmt\u00a0\u00bb back_image=\u00a0\u00bb61406&Prime; overlay_alpha=\u00a0\u00bb100&Prime; gutter_size=\u00a0\u00bb3&Prime; medium_visibility=\u00a0\u00bbyes\u00a0\u00bb medium_width=\u00a0\u00bb0&Prime; mobile_visibility=\u00a0\u00bbyes\u00a0\u00bb shift_x=\u00a0\u00bb0&Prime; shift_y=\u00a0\u00bb0&Prime; z_index=\u00a0\u00bb0&Prime; zoom_width=\u00a0\u00bb0&Prime; zoom_height=\u00a0\u00bb0&Prime; width=\u00a0\u00bb1\/2&Prime; mobile_height=\u00a0\u00bb260&Prime;][\/vc_column][vc_column column_width_percent=\u00a0\u00bb100&Prime; position_horizontal=\u00a0\u00bbleft\u00a0\u00bb position_vertical=\u00a0\u00bbmiddle\u00a0\u00bb override_padding=\u00a0\u00bbyes\u00a0\u00bb column_padding=\u00a0\u00bb5&Prime; back_color=\u00a0\u00bbcolor-xsdn\u00a0\u00bb overlay_alpha=\u00a0\u00bb100&Prime; gutter_size=\u00a0\u00bb2&Prime; medium_width=\u00a0\u00bb0&Prime; shift_x=\u00a0\u00bb0&Prime; shift_y=\u00a0\u00bb0&Prime; z_index=\u00a0\u00bb0&Prime; zoom_width=\u00a0\u00bb0&Prime; zoom_height=\u00a0\u00bb0&Prime; width=\u00a0\u00bb1\/2&Prime;][vc_custom_heading heading_semantic=\u00a0\u00bbh3&Prime; text_size=\u00a0\u00bbh3&Prime; text_space=\u00a0\u00bbfontspace-210350&Prime; text_weight=\u00a0\u00bb600&Prime; text_transform=\u00a0\u00bbuppercase\u00a0\u00bb sub_lead=\u00a0\u00bbyes\u00a0\u00bb]Service de conciergerie durant vos vacances \u00e0 Marbella[\/vc_custom_heading][vc_separator sep_color=\u00a0\u00bbaccent\u00a0\u00bb][vc_column_text]Vous planifiez vos prochaines vacances \u00e0 Marbella et vous aimeriez recevoir les services d\u2019un concierge local pour une planification personnalis\u00e9e de vos \u00e9v\u00e9nements ? Vous planifiez une f\u00eate d\u2019enterrement de vie de jeune fille \u00e0 Marbella pour votre amie et vous aimeriez recevoir une aide sur le terrain ?<\/p>\n<p>Ne vous en faites plus et laissez un de nos concierges organiser les transferts, l\u2019agenda de vos \u00e9v\u00e9nements, l\u2019h\u00e9bergement, les r\u00e9servations, la voiture de location et tout le reste !<\/p>\n<p>Nous vous donnerons une id\u00e9e fiable de votre planning. Ne perdez pas votre temps dans des recherches sur internet. Nos concierges locaux connaissent les meilleurs endroits et les meilleures choses \u00e0 faire \u00e0 Marbella.<\/p>\n<p>Aujourd\u2019hui, n\u2019importe qui peut trouver sur internet un guide local et s\u00e9lectionner le top 10 des restaurants dans une zone donn\u00e9e. Cependant, nos concierges sp\u00e9cialis\u00e9s dans le secteur\u00a0 trouveront l\u2019endroit parfait pour vous ![\/vc_column_text][\/vc_column][\/vc_row][vc_row unlock_row_content=\u00a0\u00bbyes\u00a0\u00bb row_height_percent=\u00a0\u00bb50&Prime; override_padding=\u00a0\u00bbyes\u00a0\u00bb h_padding=\u00a0\u00bb0&Prime; top_padding=\u00a0\u00bb0&Prime; bottom_padding=\u00a0\u00bb0&Prime; back_color=\u00a0\u00bbcolor-xsdn\u00a0\u00bb overlay_alpha=\u00a0\u00bb100&Prime; equal_height=\u00a0\u00bbyes\u00a0\u00bb gutter_size=\u00a0\u00bb0&Prime; shift_y=\u00a0\u00bb0&Prime; style=\u00a0\u00bbinherited\u00a0\u00bb row_height_pixel=\u00a0\u00bb500&Prime;][vc_column column_width_percent=\u00a0\u00bb100&Prime; position_horizontal=\u00a0\u00bbleft\u00a0\u00bb position_vertical=\u00a0\u00bbmiddle\u00a0\u00bb override_padding=\u00a0\u00bbyes\u00a0\u00bb column_padding=\u00a0\u00bb5&Prime; back_color=\u00a0\u00bbcolor-jevc\u00a0\u00bb overlay_alpha=\u00a0\u00bb100&Prime; gutter_size=\u00a0\u00bb2&Prime; medium_width=\u00a0\u00bb0&Prime; shift_x=\u00a0\u00bb0&Prime; shift_y=\u00a0\u00bb0&Prime; z_index=\u00a0\u00bb0&Prime; zoom_width=\u00a0\u00bb0&Prime; zoom_height=\u00a0\u00bb0&Prime; width=\u00a0\u00bb1\/2&Prime;][vc_custom_heading heading_semantic=\u00a0\u00bbh3&Prime; text_size=\u00a0\u00bbh3&Prime; text_space=\u00a0\u00bbfontspace-210350&Prime; text_weight=\u00a0\u00bb600&Prime; text_transform=\u00a0\u00bbuppercase\u00a0\u00bb text_color=\u00a0\u00bbcolor-xsdn\u00a0\u00bb sub_lead=\u00a0\u00bbyes\u00a0\u00bb]Inspection des propri\u00e9t\u00e9s locatives[\/vc_custom_heading][vc_separator sep_color=\u00a0\u00bbaccent\u00a0\u00bb][vc_column_text]Avez-vous trouv\u00e9 une propri\u00e9t\u00e9 \u00e0 louer sur internet et vous aimeriez que quelqu\u2019un aille la visiter ?<\/p>\n<p>Notre concierge la visitera \u00e0 votre place. Nous irons personnellement sur place et nous v\u00e9rifierons que la propri\u00e9t\u00e9 corresponde \u00e0 l&rsquo;annonce. Ensuite, nous vous enverrons un rapport par email.<\/p>\n<p>Marbella in Style offre aussi une gestion de propri\u00e9t\u00e9s exclusive et professionnelle et un service d\u2019entretien \u00e0 Marbella et sur la Costa del Sol.[\/vc_column_text][\/vc_column][vc_column column_width_percent=\u00a0\u00bb100&Prime; position_horizontal=\u00a0\u00bbleft\u00a0\u00bb back_color=\u00a0\u00bbcolor-lxmt\u00a0\u00bb back_image=\u00a0\u00bb61424&Prime; overlay_alpha=\u00a0\u00bb100&Prime; gutter_size=\u00a0\u00bb3&Prime; medium_width=\u00a0\u00bb0&Prime; shift_x=\u00a0\u00bb0&Prime; shift_y=\u00a0\u00bb0&Prime; z_index=\u00a0\u00bb0&Prime; zoom_width=\u00a0\u00bb0&Prime; zoom_height=\u00a0\u00bb0&Prime; width=\u00a0\u00bb1\/2&Prime; mobile_height=\u00a0\u00bb350&Prime;][\/vc_column][\/vc_row][vc_row unlock_row_content=\u00a0\u00bbyes\u00a0\u00bb row_height_percent=\u00a0\u00bb25&Prime; override_padding=\u00a0\u00bbyes\u00a0\u00bb h_padding=\u00a0\u00bb0&Prime; top_padding=\u00a0\u00bb0&Prime; bottom_padding=\u00a0\u00bb0&Prime; back_color=\u00a0\u00bbcolor-xsdn\u00a0\u00bb overlay_alpha=\u00a0\u00bb100&Prime; equal_height=\u00a0\u00bbyes\u00a0\u00bb gutter_size=\u00a0\u00bb0&Prime; shift_y=\u00a0\u00bb0&Prime; style=\u00a0\u00bbinherited\u00a0\u00bb row_height_pixel=\u00a0\u00bb500&Prime;][vc_column column_width_percent=\u00a0\u00bb100&Prime; position_horizontal=\u00a0\u00bbleft\u00a0\u00bb back_color=\u00a0\u00bbcolor-lxmt\u00a0\u00bb back_image=\u00a0\u00bb61418&Prime; overlay_alpha=\u00a0\u00bb100&Prime; gutter_size=\u00a0\u00bb3&Prime; medium_visibility=\u00a0\u00bbyes\u00a0\u00bb medium_width=\u00a0\u00bb0&Prime; mobile_visibility=\u00a0\u00bbyes\u00a0\u00bb shift_x=\u00a0\u00bb0&Prime; shift_y=\u00a0\u00bb0&Prime; z_index=\u00a0\u00bb0&Prime; zoom_width=\u00a0\u00bb0&Prime; zoom_height=\u00a0\u00bb0&Prime; width=\u00a0\u00bb1\/2&Prime; mobile_height=\u00a0\u00bb260&Prime;][\/vc_column][vc_column column_width_percent=\u00a0\u00bb100&Prime; position_horizontal=\u00a0\u00bbleft\u00a0\u00bb position_vertical=\u00a0\u00bbmiddle\u00a0\u00bb override_padding=\u00a0\u00bbyes\u00a0\u00bb column_padding=\u00a0\u00bb5&Prime; back_color=\u00a0\u00bbcolor-xsdn\u00a0\u00bb overlay_alpha=\u00a0\u00bb100&Prime; gutter_size=\u00a0\u00bb2&Prime; medium_width=\u00a0\u00bb0&Prime; shift_x=\u00a0\u00bb0&Prime; shift_y=\u00a0\u00bb0&Prime; z_index=\u00a0\u00bb0&Prime; zoom_width=\u00a0\u00bb0&Prime; zoom_height=\u00a0\u00bb0&Prime; width=\u00a0\u00bb1\/2&Prime;][vc_custom_heading heading_semantic=\u00a0\u00bbh3&Prime; text_size=\u00a0\u00bbh3&Prime; text_space=\u00a0\u00bbfontspace-210350&Prime; text_weight=\u00a0\u00bb600&Prime; text_transform=\u00a0\u00bbuppercase\u00a0\u00bb sub_lead=\u00a0\u00bbyes\u00a0\u00bb]ENTR\u00c9ES VIP ET R\u00c9SERVATIONS[\/vc_custom_heading][vc_separator sep_color=\u00a0\u00bbaccent\u00a0\u00bb][vc_column_text]Vous disposerez des services de votre concierge personnel qui s\u2019occupera directement de toutes vos requ\u00eates. Vous d\u00e9sirez faire une r\u00e9servation de derni\u00e8re minute, avoir les meilleures places dans un club ou un restaurant, avoir acc\u00e8s aux \u00e9v\u00e9nements les plus exclusifs&#8230;? Les concierges de Marbella in Style peuvent r\u00e9aliser vos souhaits !<\/p>\n<p>Achetez les entr\u00e9es VIP pour \u00e9v\u00e9nements et r\u00e9servez une table avec nous dans les clubs et beach clubs les plus c\u00e9l\u00e8bres de Marbella. Nous avons les meilleures entr\u00e9es garanties !<\/p>\n<p>Si vous \u00eates \u00e0 la recherche d\u2019entr\u00e9es pour un des nombreux \u00e9v\u00e9nements exclusifs qui se d\u00e9roulent \u00e0 Marbella, vous \u00eates au bon endroit ! Contactez nos concierges et nous vous fournirons des entr\u00e9es VIP pour votre restaurant pr\u00e9f\u00e9r\u00e9 ou \u00e9v\u00e9nement \u00e0 Marbella.[\/vc_column_text][\/vc_column][\/vc_row]<\/p>\n<\/div>","protected":false},"excerpt":{"rendered":"<p>Marbella in Style is Marbella\u2019s leading luxury concierge service and lifestyle management company<\/p>\n","protected":false},"author":3,"featured_media":71586,"parent":71543,"menu_order":0,"comment_status":"closed","ping_status":"closed","template":"","meta":{"_glsr_average":0,"_glsr_ranking":0,"_glsr_reviews":0},"portfolio_category":[325],"acf":[],"_links":{"self":[{"href":"https:\/\/marbellainstyle.com\/fr\/wp-json\/wp\/v2\/portfolio\/72015"}],"collection":[{"href":"https:\/\/marbellainstyle.com\/fr\/wp-json\/wp\/v2\/portfolio"}],"about":[{"href":"https:\/\/marbellainstyle.com\/fr\/wp-json\/wp\/v2\/types\/portfolio"}],"author":[{"embeddable":true,"href":"https:\/\/marbellainstyle.com\/fr\/wp-json\/wp\/v2\/users\/3"}],"replies":[{"embeddable":true,"href":"https:\/\/marbellainstyle.com\/fr\/wp-json\/wp\/v2\/comments?post=72015"}],"version-history":[{"count":8,"href":"https:\/\/marbellainstyle.com\/fr\/wp-json\/wp\/v2\/portfolio\/72015\/revisions"}],"predecessor-version":[{"id":72506,"href":"https:\/\/marbellainstyle.com\/fr\/wp-json\/wp\/v2\/portfolio\/72015\/revisions\/72506"}],"up":[{"embeddable":true,"href":"https:\/\/marbellainstyle.com\/fr\/wp-json\/wp\/v2\/portfolio\/71543"}],"wp:featuredmedia":[{"embeddable":true,"href":"https:\/\/marbellainstyle.com\/fr\/wp-json\/wp\/v2\/media\/71586"}],"wp:attachment":[{"href":"https:\/\/marbellainstyle.com\/fr\/wp-json\/wp\/v2\/media?parent=72015"}],"wp:term":[{"taxonomy":"portfolio_category","embeddable":true,"href":"https:\/\/marbellainstyle.com\/fr\/wp-json\/wp\/v2\/portfolio_category?post=72015"}],"curies":[{"name":"wp","href":"https:\/\/api.w.org\/{rel}","templated":true}]}}